{"id":73,"date":"2024-02-07T23:05:59","date_gmt":"2024-02-07T22:05:59","guid":{"rendered":"https:\/\/f6kfv.fr\/?page_id=73"},"modified":"2026-01-18T20:39:17","modified_gmt":"2026-01-18T19:39:17","slug":"le-bureau","status":"publish","type":"page","link":"https:\/\/f6kfv.fr\/index.php\/le-bureau\/","title":{"rendered":"LE BUREAU"},"content":{"rendered":"\n<p>Bonjour, lors de notre AG du 17 janvier 2026 ont \u00e9t\u00e9 confirm\u00e9s les membres ci dessous:<\/p>\n\n\n\n<ul class=\"wp-block-list\">\n<li>Pr\u00e9sident F4GBY David<\/li>\n\n\n\n<li>Pr\u00e9sident Adjoint F4JDA Alain<\/li>\n\n\n\n<li>Secr\u00e9taire Eric F4LMF<\/li>\n\n\n\n<li>Secr\u00e9taire Adjoint F5PNP Pascal<\/li>\n\n\n\n<li>Tr\u00e9sorier F1ORL Pascal<\/li>\n\n\n\n<li>Tr\u00e9sorier Adjoint F6FHV Henri<\/li>\n<\/ul>\n\n\n\n<p>Le bureau reste donc le m\u00eame pour 2026.<\/p>\n\n\n\n<figure class=\"wp-block-image size-full is-resized\"><img loading=\"lazy\" decoding=\"async\" width=\"400\" height=\"267\" src=\"https:\/\/f6kfv.fr\/wp-content\/uploads\/2026\/01\/F6KFV.png\" alt=\"\" class=\"wp-image-251\" style=\"width:562px;height:auto\" srcset=\"https:\/\/f6kfv.fr\/wp-content\/uploads\/2026\/01\/F6KFV.png 400w, https:\/\/f6kfv.fr\/wp-content\/uploads\/2026\/01\/F6KFV-300x200.png 300w\" sizes=\"auto, (max-width: 400px) 100vw, 400px\" \/><\/figure>\n","protected":false},"excerpt":{"rendered":"<p>Bonjour, lors de notre AG du 17 janvier 2026 ont \u00e9t\u00e9 confirm\u00e9s les membres ci dessous: Le bureau<\/p>\n","protected":false},"author":3,"featured_media":0,"parent":0,"menu_order":0,"comment_status":"closed","ping_status":"closed","template":"","meta":{"footnotes":""},"class_list":["post-73","page","type-page","status-publish","hentry"],"yoast_head":"<!-- This site is optimized with the Yoast SEO plugin v26.7 - https:\/\/yoast.com\/wordpress\/plugins\/seo\/ -->\n<title>LE BUREAU - F6KFV<\/title>\n<meta name=\"robots\" content=\"index, follow, max-snippet:-1, max-image-preview:large, max-video-preview:-1\" \/>\n<link rel=\"canonical\" href=\"https:\/\/f6kfv.fr\/index.php\/le-bureau\/\" \/>\n<meta property=\"og:locale\" content=\"fr_FR\" \/>\n<meta property=\"og:type\" content=\"article\" \/>\n<meta property=\"og:title\" content=\"LE BUREAU - F6KFV\" \/>\n<meta property=\"og:description\" content=\"Bonjour, lors de notre AG du 17 janvier 2026 ont \u00e9t\u00e9 confirm\u00e9s les membres ci dessous: Le bureau\" \/>\n<meta property=\"og:url\" content=\"https:\/\/f6kfv.fr\/index.php\/le-bureau\/\" \/>\n<meta property=\"og:site_name\" content=\"F6KFV\" \/>\n<meta property=\"article:modified_time\" content=\"2026-01-18T19:39:17+00:00\" \/>\n<meta property=\"og:image\" content=\"https:\/\/f6kfv.fr\/wp-content\/uploads\/2026\/01\/F6KFV.png\" \/>\n\t<meta property=\"og:image:width\" content=\"400\" \/>\n\t<meta property=\"og:image:height\" content=\"267\" \/>\n\t<meta property=\"og:image:type\" content=\"image\/png\" \/>\n<meta name=\"twitter:card\" content=\"summary_large_image\" \/>\n<meta name=\"twitter:label1\" content=\"Dur\u00e9e de lecture estim\u00e9e\" \/>\n\t<meta name=\"twitter:data1\" content=\"1 minute\" \/>\n<script type=\"application\/ld+json\" class=\"yoast-schema-graph\">{\"@context\":\"https:\/\/schema.org\",\"@graph\":[{\"@type\":\"WebPage\",\"@id\":\"https:\/\/f6kfv.fr\/index.php\/le-bureau\/\",\"url\":\"https:\/\/f6kfv.fr\/index.php\/le-bureau\/\",\"name\":\"LE BUREAU - F6KFV\",\"isPartOf\":{\"@id\":\"https:\/\/f6kfv.fr\/#website\"},\"primaryImageOfPage\":{\"@id\":\"https:\/\/f6kfv.fr\/index.php\/le-bureau\/#primaryimage\"},\"image\":{\"@id\":\"https:\/\/f6kfv.fr\/index.php\/le-bureau\/#primaryimage\"},\"thumbnailUrl\":\"https:\/\/f6kfv.fr\/wp-content\/uploads\/2026\/01\/F6KFV.png\",\"datePublished\":\"2024-02-07T22:05:59+00:00\",\"dateModified\":\"2026-01-18T19:39:17+00:00\",\"breadcrumb\":{\"@id\":\"https:\/\/f6kfv.fr\/index.php\/le-bureau\/#breadcrumb\"},\"inLanguage\":\"fr-FR\",\"potentialAction\":[{\"@type\":\"ReadAction\",\"target\":[\"https:\/\/f6kfv.fr\/index.php\/le-bureau\/\"]}]},{\"@type\":\"ImageObject\",\"inLanguage\":\"fr-FR\",\"@id\":\"https:\/\/f6kfv.fr\/index.php\/le-bureau\/#primaryimage\",\"url\":\"https:\/\/f6kfv.fr\/wp-content\/uploads\/2026\/01\/F6KFV.png\",\"contentUrl\":\"https:\/\/f6kfv.fr\/wp-content\/uploads\/2026\/01\/F6KFV.png\",\"width\":400,\"height\":267},{\"@type\":\"BreadcrumbList\",\"@id\":\"https:\/\/f6kfv.fr\/index.php\/le-bureau\/#breadcrumb\",\"itemListElement\":[{\"@type\":\"ListItem\",\"position\":1,\"name\":\"Accueil\",\"item\":\"https:\/\/f6kfv.fr\/\"},{\"@type\":\"ListItem\",\"position\":2,\"name\":\"LE BUREAU\"}]},{\"@type\":\"WebSite\",\"@id\":\"https:\/\/f6kfv.fr\/#website\",\"url\":\"https:\/\/f6kfv.fr\/\",\"name\":\"F6KFV\",\"description\":\"Radio Club de Versailles \/ Association des Radio Amateurs de Versailles (ARAV)\",\"potentialAction\":[{\"@type\":\"SearchAction\",\"target\":{\"@type\":\"EntryPoint\",\"urlTemplate\":\"https:\/\/f6kfv.fr\/?s={search_term_string}\"},\"query-input\":{\"@type\":\"PropertyValueSpecification\",\"valueRequired\":true,\"valueName\":\"search_term_string\"}}],\"inLanguage\":\"fr-FR\"}]}<\/script>\n<!-- \/ Yoast SEO plugin. -->","yoast_head_json":{"title":"LE BUREAU - F6KFV","robots":{"index":"index","follow":"follow","max-snippet":"max-snippet:-1","max-image-preview":"max-image-preview:large","max-video-preview":"max-video-preview:-1"},"canonical":"https:\/\/f6kfv.fr\/index.php\/le-bureau\/","og_locale":"fr_FR","og_type":"article","og_title":"LE BUREAU - F6KFV","og_description":"Bonjour, lors de notre AG du 17 janvier 2026 ont \u00e9t\u00e9 confirm\u00e9s les membres ci dessous: Le bureau","og_url":"https:\/\/f6kfv.fr\/index.php\/le-bureau\/","og_site_name":"F6KFV","article_modified_time":"2026-01-18T19:39:17+00:00","og_image":[{"width":400,"height":267,"url":"https:\/\/f6kfv.fr\/wp-content\/uploads\/2026\/01\/F6KFV.png","type":"image\/png"}],"twitter_card":"summary_large_image","twitter_misc":{"Dur\u00e9e de lecture estim\u00e9e":"1 minute"},"schema":{"@context":"https:\/\/schema.org","@graph":[{"@type":"WebPage","@id":"https:\/\/f6kfv.fr\/index.php\/le-bureau\/","url":"https:\/\/f6kfv.fr\/index.php\/le-bureau\/","name":"LE BUREAU - F6KFV","isPartOf":{"@id":"https:\/\/f6kfv.fr\/#website"},"primaryImageOfPage":{"@id":"https:\/\/f6kfv.fr\/index.php\/le-bureau\/#primaryimage"},"image":{"@id":"https:\/\/f6kfv.fr\/index.php\/le-bureau\/#primaryimage"},"thumbnailUrl":"https:\/\/f6kfv.fr\/wp-content\/uploads\/2026\/01\/F6KFV.png","datePublished":"2024-02-07T22:05:59+00:00","dateModified":"2026-01-18T19:39:17+00:00","breadcrumb":{"@id":"https:\/\/f6kfv.fr\/index.php\/le-bureau\/#breadcrumb"},"inLanguage":"fr-FR","potentialAction":[{"@type":"ReadAction","target":["https:\/\/f6kfv.fr\/index.php\/le-bureau\/"]}]},{"@type":"ImageObject","inLanguage":"fr-FR","@id":"https:\/\/f6kfv.fr\/index.php\/le-bureau\/#primaryimage","url":"https:\/\/f6kfv.fr\/wp-content\/uploads\/2026\/01\/F6KFV.png","contentUrl":"https:\/\/f6kfv.fr\/wp-content\/uploads\/2026\/01\/F6KFV.png","width":400,"height":267},{"@type":"BreadcrumbList","@id":"https:\/\/f6kfv.fr\/index.php\/le-bureau\/#breadcrumb","itemListElement":[{"@type":"ListItem","position":1,"name":"Accueil","item":"https:\/\/f6kfv.fr\/"},{"@type":"ListItem","position":2,"name":"LE BUREAU"}]},{"@type":"WebSite","@id":"https:\/\/f6kfv.fr\/#website","url":"https:\/\/f6kfv.fr\/","name":"F6KFV","description":"Radio Club de Versailles \/ Association des Radio Amateurs de Versailles (ARAV)","potentialAction":[{"@type":"SearchAction","target":{"@type":"EntryPoint","urlTemplate":"https:\/\/f6kfv.fr\/?s={search_term_string}"},"query-input":{"@type":"PropertyValueSpecification","valueRequired":true,"valueName":"search_term_string"}}],"inLanguage":"fr-FR"}]}},"_links":{"self":[{"href":"https:\/\/f6kfv.fr\/index.php\/wp-json\/wp\/v2\/pages\/73","targetHints":{"allow":["GET"]}}],"collection":[{"href":"https:\/\/f6kfv.fr\/index.php\/wp-json\/wp\/v2\/pages"}],"about":[{"href":"https:\/\/f6kfv.fr\/index.php\/wp-json\/wp\/v2\/types\/page"}],"author":[{"embeddable":true,"href":"https:\/\/f6kfv.fr\/index.php\/wp-json\/wp\/v2\/users\/3"}],"replies":[{"embeddable":true,"href":"https:\/\/f6kfv.fr\/index.php\/wp-json\/wp\/v2\/comments?post=73"}],"version-history":[{"count":5,"href":"https:\/\/f6kfv.fr\/index.php\/wp-json\/wp\/v2\/pages\/73\/revisions"}],"predecessor-version":[{"id":253,"href":"https:\/\/f6kfv.fr\/index.php\/wp-json\/wp\/v2\/pages\/73\/revisions\/253"}],"wp:attachment":[{"href":"https:\/\/f6kfv.fr\/index.php\/wp-json\/wp\/v2\/media?parent=73"}],"curies":[{"name":"wp","href":"https:\/\/api.w.org\/{rel}","templated":true}]}}